{"id":15045,"date":"2026-03-06T14:08:48","date_gmt":"2026-03-06T13:08:48","guid":{"rendered":"https:\/\/sztukomania.pl\/?post_type=product&#038;p=15045"},"modified":"2026-04-20T14:13:04","modified_gmt":"2026-04-20T13:13:04","slug":"warsztaty-ceramiczne-i-wycieczka-na-gorc-28-03","status":"publish","type":"product","link":"https:\/\/sztukomania.pl\/?product=warsztaty-ceramiczne-i-wycieczka-na-gorc-28-03","title":{"rendered":"WARSZTATY CERAMICZNE I WYCIECZKA NA GORCE 23.05"},"content":{"rendered":"<p><strong>Bardzo serdecznie zapraszam Was do wzi\u0119cia udzia\u0142u w wyj\u0105tkowej\u00a0<\/strong><strong>II EDYCJI WARSZTATOWO-G\u00d3RSKIEJ <img decoding=\"async\" class=\"emoji\" role=\"img\" draggable=\"false\" src=\"https:\/\/s.w.org\/images\/core\/emoji\/17.0.2\/svg\/1f642.svg\" alt=\"\ud83d\ude42\" \/><\/strong><\/p>\n<p><strong>DLACZEGO TO WYDARZENIE JEST WYJ\u0104TKOWE?<\/strong><\/p>\n<p>Dla mnie jest innowacyjne poniewa\u017c to pierwsze takie po\u0142\u0105czenie na Podhalu kreatywnych warsztat\u00f3w w glinie z aktywno\u015bci\u0105 g\u00f3rsk\u0105 czyli z wycieczk\u0105 w teren z licencjonowanym przewodnikiem g\u00f3rskim\u00a0<img decoding=\"async\" class=\"emoji\" role=\"img\" draggable=\"false\" src=\"https:\/\/s.w.org\/images\/core\/emoji\/17.0.2\/svg\/1f642.svg\" alt=\"\ud83d\ude42\" \/><\/p>\n<p>Jestem ogromn\u0105 pasjonatk\u0105 takiego sp\u0119dzania czasu i my\u015bl\u0119, \u017ce Ci kt\u00f3rzy s\u0105 ze mn\u0105 od dawna na moim \u201csztukomaniowym koncie\u201d w social mediach\u00a0 wiedz\u0105, \u017ce tworzenie ceramiki i branie jej w g\u00f3ry na wycieczki s\u0105 moj\u0105 codzienno\u015bci\u0105 i jest to projekt autentyczny prosto z serca z mi\u0142o\u015bci do obcowania z natur\u0105\u00a0<img decoding=\"async\" class=\"emoji\" role=\"img\" draggable=\"false\" src=\"https:\/\/s.w.org\/images\/core\/emoji\/17.0.2\/svg\/1f642.svg\" alt=\"\ud83d\ude42\" \/><\/p>\n<p>Dlatego wsp\u00f3lnie z przewodnikiem Micha\u0142em zapraszamy Was bardzo serdecznie po pierwszej cz\u0119\u015bci tego wydarzenia (czyli po warsztatach) na inspiruj\u0105c\u0105 wycieczk\u0119 w poszukiwaniu krokus\u00f3w po przepi\u0119knych wiosennych Pieninach Spiskich.<\/p>\n<p>Micha\u0142 to przewodnik z ogromnym poczuciem humoru (st\u0105d wiedzia\u0142am, \u017ce to odpowiednia osoba do stworzenia tego planu), ale przede wszystkim to osoba o ogromnej wiedzy i znajomo\u015bci regionu. Gwarantuj\u0119 Wam, \u017ce taka wycieczka w teren na kt\u00f3rej macie mo\u017cliwo\u015b\u0107 pos\u0142uchania o historii otaczaj\u0105cego Was regionu oraz o wci\u0105\u017c mocno kultywowanym pasterstwie i o okolicznych widokach to inny wymiar wycieczki ni\u017c zwyk\u0142a droga szlakiem na szczyt.<\/p>\n<p>To wydarzenie jest dla ka\u017cdego\u00a0<img decoding=\"async\" class=\"emoji\" role=\"img\" draggable=\"false\" src=\"https:\/\/s.w.org\/images\/core\/emoji\/17.0.2\/svg\/1f642.svg\" alt=\"\ud83d\ude42\" \/><\/p>\n<p>Nie musisz mie\u0107 wielkiej kondycji!<\/p>\n<p>B\u0119dziesz pod dobr\u0105 opiek\u0105, a potrzebne b\u0119d\u0105 Ci wy\u0142\u0105cznie ch\u0119ci na warsztaty i wycieczk\u0119 i ewentualnie pytania do przewodnika\u00a0<img decoding=\"async\" class=\"emoji\" role=\"img\" draggable=\"false\" src=\"https:\/\/s.w.org\/images\/core\/emoji\/17.0.2\/svg\/1f600.svg\" alt=\"\ud83d\ude00\" \/><\/p>\n<p>&nbsp;<\/p>\n<p><strong>NO JU\u017b CZUJ\u0118 SI\u0118 ZACHECONY\/NA WST\u0118<\/strong><strong>PEM, ALE CO W PLANIE?<\/strong><\/p>\n<ol>\n<li><strong>Spotykamy si\u0119 23.05 (sobota) o godzinie 10:00, w mojej Zakopia\u0144skiej pracowni ceramiki na ul. Staszica 14.<\/strong><\/li>\n<\/ol>\n<p>Na warsztatach ka\u017cdy uczestnik stworzy z moj\u0105 pomoc\u0105 w\u0142asny ceramiczny produkt u\u017cytkowy inspirowany wiosennymi motywami <img decoding=\"async\" class=\"emoji\" role=\"img\" draggable=\"false\" src=\"https:\/\/s.w.org\/images\/core\/emoji\/17.0.2\/svg\/1f642.svg\" alt=\"\ud83d\ude42\" \/><\/p>\n<p>Maj to idealny czas na wykorzystanie kwitn\u0105cych ro\u015blin na ceramice do stworzenia unikatowej pracy <img decoding=\"async\" class=\"emoji\" role=\"img\" draggable=\"false\" src=\"https:\/\/s.w.org\/images\/core\/emoji\/17.0.2\/svg\/1f642.svg\" alt=\"\ud83d\ude42\" \/><\/p>\n<p>Wykonane przez uczestnik\u00f3w prace po p\u00f3\u017aniejszych wypa\u0142ach zostan\u0105 wys\u0142ane na wskazane adresy domowe\u00a0<img decoding=\"async\" class=\"emoji\" role=\"img\" draggable=\"false\" src=\"https:\/\/s.w.org\/images\/core\/emoji\/17.0.2\/svg\/1f642.svg\" alt=\"\ud83d\ude42\" \/><\/p>\n<p>Na warsztatach b\u0119dzie czeka\u0142 pocz\u0119stunek w postaci kawy, herbaty oraz owoce lub dobre ciacha\u00a0<img decoding=\"async\" class=\"emoji\" role=\"img\" draggable=\"false\" src=\"https:\/\/s.w.org\/images\/core\/emoji\/17.0.2\/svg\/1f642.svg\" alt=\"\ud83d\ude42\" \/><\/p>\n<p>&nbsp;<\/p>\n<p>2.\u00a0<strong>Po warsztatach o godzinie 12:00 wyruszymy samochodami w tras\u0119 na szlak- tutaj ma\u0142a uwaga!\u00a0<\/strong><\/p>\n<p>Spotykamy si\u0119 na wskazanym przez przewodnika miejscu parkingowym.\u00a0 \u00a0Je\u015bli nie jeste\u015b mobilna\/ny\u00a0 posiadamy 3 miejsca w swoim samochodzie i mo\u017cesz zabra\u0107 si\u0119 z Nami na szlak\u00a0<img decoding=\"async\" class=\"emoji\" role=\"img\" draggable=\"false\" src=\"https:\/\/s.w.org\/images\/core\/emoji\/17.0.2\/svg\/1f642.svg\" alt=\"\ud83d\ude42\" \/><\/p>\n<p>&nbsp;<\/p>\n<p><strong>Ca\u0142a wycieczka to dystans : \u00a011 km i blisko 700 m przewy\u017cszenia (sumy podej\u015b\u0107).<\/strong><\/p>\n<p><strong>Czas pokonania trasy: 5\/6h + 1 h przerwy na szczycie na serwowan\u0105 przez nas kawusi\u0119 i ciacho\u00a0<\/strong><\/p>\n<p><strong>Kr\u00f3tki opis trasy: <\/strong>Wycieczk\u0119 rozpoczniemy w gorcza\u0144skiej miejscowo\u015bci Zasadne, sk\u0105d wyruszymy na malownicz\u0105 p\u0119tl\u0119 &#8220;Wyrusz z nami w Gorce&#8221;. Pocz\u0105tkowo b\u0119dziemy si\u0119 wpinali na prze\u0142\u0119cz Wierch M\u0142ynne. Nast\u0119pnie b\u0119dziemy pod\u0105\u017ca\u0107 le\u015bnym duktem w kierunku rozwidlenia przed szczytem Gorca. Zanim jednak zdob\u0119dziemy szczyt, podejdziemy na widokow\u0105 Polan\u0119 Gorc M\u0142ynie\u0144ski. Po odpoczynku udamy si\u0119 na Gorc, na szczycie kt\u00f3rego znajduje si\u0119 wie\u017ca widokowa z kt\u00f3rej rozpo\u015bcieraj\u0105 si\u0119 pi\u0119kne widoki na 4 strony \u015bwiata. To zdecydowanie b\u0119dzie chwila dla fotoreporter\u00f3w \ud83d\ude42<\/p>\n<p>Ma\u0142o widok\u00f3w? Zabieramy Was na polany Gorc Kamienicki oraz \u015awink\u00f3wka, gdzie naszym oczom uka\u017c\u0105 si\u0119 szerokie panoramy na Gorce oraz s\u0105siednie pasma g\u00f3rskie. W kierunku Zasadnego b\u0119dziemy schodzili zalesionym grzbietem.<\/p>\n<p>Maj to idealny czas na g\u00f3rskie w\u0119dr\u00f3wki, czeka nas d\u0142u\u017cszy dzie\u0144 dzi\u0119ki czemu bez po\u015bpiechu b\u0119dziemy mogli delektowa\u0107 si\u0119 mijanymi widokami <img decoding=\"async\" class=\"emoji\" role=\"img\" draggable=\"false\" src=\"https:\/\/s.w.org\/images\/core\/emoji\/17.0.2\/svg\/1f642.svg\" alt=\"\ud83d\ude42\" \/><\/p>\n<p>&nbsp;<\/p>\n<p>Z powrotem na parking dotrzemy ok. godziny 18-19 <img decoding=\"async\" class=\"emoji\" role=\"img\" draggable=\"false\" src=\"https:\/\/s.w.org\/images\/core\/emoji\/17.0.2\/svg\/1f642.svg\" alt=\"\ud83d\ude42\" \/><\/p>\n<p><strong>Obowi\u0105zkowe wyposa\u017cenie ka\u017cdego uczestnika wycieczki:<\/strong><\/p>\n<ul>\n<li>wygodne obuwie turystyczne<\/li>\n<li>ciep\u0142a kurtka<\/li>\n<\/ul>\n<p><strong>Polecamy opcjonalnie:<\/strong><\/p>\n<ul>\n<li>kijki trekkingowe<\/li>\n<\/ul>\n<p><strong>Cena tego wydarzenia obejmuje:<\/strong><\/p>\n<ol>\n<li>warsztaty ceramiczne oraz p\u00f3\u017aniejsz\u0105 wysy\u0142k\u0119 gotowej pracy<\/li>\n<li>us\u0142ug\u0119 przewodnick\u0105 licencjonowanego przewodnika g\u00f3rskiego Micha\u0142a Fiedor<\/li>\n<li>ubezpieczenie uczestnika na czas wycieczki<\/li>\n<li>bilet wst\u0119pu do Gorcza\u0144skiego Parku Narodowego<\/li>\n<li>pocz\u0119stunek w terenie (kawa oraz dobroci do kawy)<\/li>\n<\/ol>\n<p><strong>W przypadku niekorzystnej i deszczowej pogody przewodnik zaproponuje alternatywn\u0105 bezpieczn\u0105 wycieczk\u0119.<\/strong><\/p>\n<p><strong>Minimalna ilo\u015b\u0107 uczestnik\u00f3w, aby projekt si\u0119 odby\u0142\u00a0 to 4 ch\u0119tne osoby.\u00a0<\/strong><\/p>\n<p>&nbsp;<\/p>\n<p><strong>Je\u015bli nie masz plan\u00f3w na akurat te sobot\u0119 ruszaj z nami \ud83d\ude42<\/strong><\/p>\n<p>&nbsp;<\/p>\n","protected":false},"excerpt":{"rendered":"<p>Bardzo serdecznie zapraszam Was do wzi\u0119cia udzia\u0142u w wyj\u0105tkowej\u00a0II EDYCJI WARSZTATOWO-G\u00d3RSKIEJ DLACZEGO TO WYDARZENIE JEST WYJ\u0104TKOWE? Dla mnie jest innowacyjne poniewa\u017c to pierwsze takie po\u0142\u0105czenie na Podhalu kreatywnych warsztat\u00f3w w glinie z aktywno\u015bci\u0105 g\u00f3rsk\u0105 czyli z wycieczk\u0105 w teren z licencjonowanym przewodnikiem g\u00f3rskim\u00a0 Jestem ogromn\u0105 pasjonatk\u0105 takiego sp\u0119dzania czasu i my\u015bl\u0119, \u017ce Ci kt\u00f3rzy s\u0105 [&hellip;]<\/p>\n","protected":false},"featured_media":15033,"comment_status":"open","ping_status":"closed","template":"","meta":{"om_disable_all_campaigns":false,"_monsterinsights_skip_tracking":false,"_monsterinsights_sitenote_active":false,"_monsterinsights_sitenote_note":"","_monsterinsights_sitenote_category":0,"_uf_show_specific_survey":0,"_uf_disable_surveys":false,"site-sidebar-layout":"default","site-content-layout":"","ast-site-content-layout":"default","site-content-style":"default","site-sidebar-style":"default","ast-global-header-display":"","ast-banner-title-visibility":"","ast-main-header-display":"","ast-hfb-above-header-display":"","ast-hfb-below-header-display":"","ast-hfb-mobile-header-display":"","site-post-title":"","ast-breadcrumbs-content":"","ast-featured-img":"","footer-sml-layout":"","ast-disable-related-posts":"","theme-transparent-header-meta":"default","adv-header-id-meta":"","stick-header-meta":"","header-above-stick-meta":"","header-main-stick-meta":"","header-below-stick-meta":"","astra-migrate-meta-layouts":"set","ast-page-background-enabled":"default","ast-page-background-meta":{"desktop":{"background-color":"","background-image":"","background-repeat":"repeat","background-position":"center center","background-size":"auto","background-attachment":"scroll","background-type":"","background-media":"","overlay-type":"","overlay-color":"","overlay-opacity":"","overlay-gradient":""},"tablet":{"background-color":"","background-image":"","background-repeat":"repeat","background-position":"center center","background-size":"auto","background-attachment":"scroll","background-type":"","background-media":"","overlay-type":"","overlay-color":"","overlay-opacity":"","overlay-gradient":""},"mobile":{"background-color":"","background-image":"","background-repeat":"repeat","background-position":"center center","background-size":"auto","background-attachment":"scroll","background-type":"","background-media":"","overlay-type":"","overlay-color":"","overlay-opacity":"","overlay-gradient":""}},"ast-content-background-meta":{"desktop":{"background-color":"var(--ast-global-color-5)","background-image":"","background-repeat":"repeat","background-position":"center center","background-size":"auto","background-attachment":"scroll","background-type":"","background-media":"","overlay-type":"","overlay-color":"","overlay-opacity":"","overlay-gradient":""},"tablet":{"background-color":"var(--ast-global-color-5)","background-image":"","background-repeat":"repeat","background-position":"center center","background-size":"auto","background-attachment":"scroll","background-type":"","background-media":"","overlay-type":"","overlay-color":"","overlay-opacity":"","overlay-gradient":""},"mobile":{"background-color":"var(--ast-global-color-5)","background-image":"","background-repeat":"repeat","background-position":"center center","background-size":"auto","background-attachment":"scroll","background-type":"","background-media":"","overlay-type":"","overlay-color":"","overlay-opacity":"","overlay-gradient":""}}},"product_brand":[],"product_cat":[87],"product_tag":[],"class_list":{"0":"post-15045","1":"product","2":"type-product","3":"status-publish","4":"has-post-thumbnail","6":"product_cat-warsztaty","7":"desktop-align-left","8":"tablet-align-left","9":"mobile-align-left","11":"first","12":"instock","13":"taxable","14":"shipping-taxable","15":"purchasable","16":"product-type-simple"},"aioseo_notices":[],"_links":{"self":[{"href":"https:\/\/sztukomania.pl\/index.php?rest_route=\/wp\/v2\/product\/15045","targetHints":{"allow":["GET"]}}],"collection":[{"href":"https:\/\/sztukomania.pl\/index.php?rest_route=\/wp\/v2\/product"}],"about":[{"href":"https:\/\/sztukomania.pl\/index.php?rest_route=\/wp\/v2\/types\/product"}],"replies":[{"embeddable":true,"href":"https:\/\/sztukomania.pl\/index.php?rest_route=%2Fwp%2Fv2%2Fcomments&post=15045"}],"version-history":[{"count":8,"href":"https:\/\/sztukomania.pl\/index.php?rest_route=\/wp\/v2\/product\/15045\/revisions"}],"predecessor-version":[{"id":15358,"href":"https:\/\/sztukomania.pl\/index.php?rest_route=\/wp\/v2\/product\/15045\/revisions\/15358"}],"wp:featuredmedia":[{"embeddable":true,"href":"https:\/\/sztukomania.pl\/index.php?rest_route=\/wp\/v2\/media\/15033"}],"wp:attachment":[{"href":"https:\/\/sztukomania.pl\/index.php?rest_route=%2Fwp%2Fv2%2Fmedia&parent=15045"}],"wp:term":[{"taxonomy":"product_brand","embeddable":true,"href":"https:\/\/sztukomania.pl\/index.php?rest_route=%2Fwp%2Fv2%2Fproduct_brand&post=15045"},{"taxonomy":"product_cat","embeddable":true,"href":"https:\/\/sztukomania.pl\/index.php?rest_route=%2Fwp%2Fv2%2Fproduct_cat&post=15045"},{"taxonomy":"product_tag","embeddable":true,"href":"https:\/\/sztukomania.pl\/index.php?rest_route=%2Fwp%2Fv2%2Fproduct_tag&post=15045"}],"curies":[{"name":"wp","href":"https:\/\/api.w.org\/{rel}","templated":true}]}}